{"id":150,"date":"2025-09-25T14:44:09","date_gmt":"2025-09-25T14:44:09","guid":{"rendered":"https:\/\/logoterapeuta.eu\/?page_id=150"},"modified":"2025-10-17T17:42:52","modified_gmt":"2025-10-17T17:42:52","slug":"artykuly","status":"publish","type":"page","link":"https:\/\/logoterapeuta.eu\/index.php\/artykuly\/","title":{"rendered":"publikacje"},"content":{"rendered":"\n<h2 class=\"wp-block-heading has-large-font-size\">Moje ksi\u0105\u017cki<\/h2>\n\n\n\n<hr class=\"wp-block-separator has-alpha-channel-opacity is-style-default\" style=\"margin-top:var(--wp--preset--spacing--30);margin-bottom:var(--wp--preset--spacing--30)\"\/>\n\n\n<ul class=\"wp-block-latest-posts__list wp-block-latest-posts\"><\/ul>\n\n\n<h2 class=\"wp-block-heading has-large-font-size\">Publikacje elektroniczne<\/h2>\n\n\n\n<hr class=\"wp-block-separator has-alpha-channel-opacity\" style=\"margin-top:var(--wp--preset--spacing--30);margin-bottom:var(--wp--preset--spacing--30)\"\/>\n\n\n<ul class=\"wp-block-latest-posts__list is-grid columns-2 has-link-color wp-elements-15e9814b9f317a9af505cc18e6bdd217 wp-block-latest-posts\"><li><a class=\"wp-block-latest-posts__post-title\" href=\"https:\/\/logoterapeuta.eu\/index.php\/2026\/05\/19\/neurofizjologiczne-i-psychobiologiczne-mechanizmy-terapii-wokalnej-wplyw-wspolnotowego-spiewu-indian-slowian-i-lechitow-hiperwentylacji-oraz-swobodnej-regulacji-oddechowej\/\">Neurofizjologiczne i psychobiologiczne mechanizmy terapii wokalnej: Wp\u0142yw wsp\u00f3lnotowego \u015bpiewu Indian, S\u0142owian i &#8222;Lechit\u00f3w&#8221;, hiperwentylacji oraz swobodnej regulacji oddechowej<\/a><div class=\"wp-block-latest-posts__post-excerpt\">Wsp\u00f3lnotowa aktywno\u015b\u0107 muzyczna, w szczeg\u00f3lno\u015bci grupowa ekspresja wokalna, stanowi ewolucyjnie ugruntowany mechanizm regulacji spo\u0142ecznej i psychofizjologicznej.1 Z perspektywy antropologicznej wsp\u00f3lne \u015bpiewanie pe\u0142ni u ludzi funkcj\u0119 analogiczn\u0105 do spo\u0142ecznego iskania (ang. social grooming) obserwowanego u innych naczelnych, umo\u017cliwiaj\u0105c sprawne budowanie sp\u00f3jno\u015bci oraz zaufania wewn\u0105trz du\u017cych grup, bez konieczno\u015bci czasoch\u0142onnych, bezpo\u015brednich interakcji mi\u0119dzy wszystkimi jednostkami.1 Psychobiologiczne pod\u0142o\u017ce tego efektu tkwi w stymulacji uk\u0142adu endorfinowego.1 Rytmiczny \u015bpiew, po\u0142\u0105czony z koordynacj\u0105 ruchow\u0105 i wysi\u0142kiem mi\u0119\u015bniowym, znacz\u0105co podwy\u017csza pr\u00f3g odczuwania b\u00f3lu u uczestnik\u00f3w, co stanowi bezpo\u015bredni marker biochemiczny wyrzutu endorfin.1 Co istotne, badania wykazuj\u0105, \u017ce cho\u0107 mniejsze, kameralne ch\u00f3ry wykazuj\u0105 wy\u017csze bazowe poczucie blisko\u015bci spo\u0142ecznej, to du\u017ce formacje wokalne do\u015bwiadczaj\u0105 znacznie wi\u0119kszej dynamiki pozytywnej zmiany w zakresie subiektywnego poczucia po\u0142\u0105czenia i w\u0142\u0105czenia do wsp\u00f3lnoty.1 Synchronizacja zachowa\u0144 wokalnych i ruchowych wyzwala silne poczucie to\u017csamo\u015bci grupowej i u\u0142atwia asymilacj\u0119 jednostek, nawet w obecno\u015bci os\u00f3b wcze\u015bniej nieznanych.1<\/div><\/li>\n<li><a class=\"wp-block-latest-posts__post-title\" href=\"https:\/\/logoterapeuta.eu\/index.php\/2025\/12\/02\/architektura-transformacji-synteza-antropologii-noetycznej-filozofii-yehudy-ashlaga-i-neuronauki-w-procesie-przekraczania-nienawisci-i-egoizmu\/\">Architektura Transformacji: Synteza Antropologii Noetycznej, Filozofii Yehudy Ashlaga i Neuronauki w Procesie Przekraczania Nienawi\u015bci i Egoizmu<\/a><div class=\"wp-block-latest-posts__post-excerpt\">Wst\u0119p: Kryzys Sensu i Ontologia Nienawi\u015bci Wsp\u00f3\u0142czesna kondycja ludzka, naznaczona rosn\u0105c\u0105 polaryzacj\u0105, agresj\u0105 spo\u0142eczn\u0105 i g\u0142\u0119bokim poczuciem alienacji, domaga si\u0119 nowych paradygmat\u00f3w terapeutycznych i filozoficznych. Klasyczne podej\u015bcia psychologiczne, cz\u0119sto redukuj\u0105ce cz\u0142owieka do mechanizm\u00f3w pop\u0119dowych lub behawioralnych reakcji na bod\u017ace, okazuj\u0105\u2026 <a class=\"wp-block-latest-posts__read-more\" href=\"https:\/\/logoterapeuta.eu\/index.php\/2025\/12\/02\/architektura-transformacji-synteza-antropologii-noetycznej-filozofii-yehudy-ashlaga-i-neuronauki-w-procesie-przekraczania-nienawisci-i-egoizmu\/\" rel=\"noopener noreferrer\">Dowiedz si\u0119 wi\u0119cej<span class=\"screen-reader-text\">: Architektura Transformacji: Synteza Antropologii Noetycznej, Filozofii Yehudy Ashlaga i Neuronauki w Procesie Przekraczania Nienawi\u015bci i Egoizmu<\/span><\/a><\/div><\/li>\n<li><a class=\"wp-block-latest-posts__post-title\" href=\"https:\/\/logoterapeuta.eu\/index.php\/2025\/10\/20\/noo-psychoterapia-kazimierza-popielskiego-duchowy-wymiar-zdrowia-i-terapii\/\">Noo-psychoterapia Kazimierza Popielskiego: Duchowy Wymiar Zdrowia i Terapii<\/a><div class=\"wp-block-latest-posts__post-excerpt\">Wprowadzenie: Z Wiednia do Lublina \u2013 Ewolucja Psychoterapii Skoncentrowanej na Sensie Historia psychoterapii XX wieku naznaczona jest poszukiwaniem fundamentalnej si\u0142y nap\u0119dowej ludzkiej psychiki. W Wiedniu, kolebce nowoczesnej psychologii, narodzi\u0142y si\u0119 dwie pot\u0119\u017cne szko\u0142y my\u015blenia: psychoanaliza Zygmunta Freuda, kt\u00f3ra postrzega\u0142a cz\u0142owieka\u2026 <a class=\"wp-block-latest-posts__read-more\" href=\"https:\/\/logoterapeuta.eu\/index.php\/2025\/10\/20\/noo-psychoterapia-kazimierza-popielskiego-duchowy-wymiar-zdrowia-i-terapii\/\" rel=\"noopener noreferrer\">Dowiedz si\u0119 wi\u0119cej<span class=\"screen-reader-text\">: Noo-psychoterapia Kazimierza Popielskiego: Duchowy Wymiar Zdrowia i Terapii<\/span><\/a><\/div><\/li>\n<li><a class=\"wp-block-latest-posts__post-title\" href=\"https:\/\/logoterapeuta.eu\/index.php\/2025\/10\/20\/glod-ducha-cierpienie-jako-wezwanie-do-wspoltworzenia-sensu-w-perspektywie-noo-psychoterapii\/\">G\u0142\u00f3d Ducha: Cierpienie jako Wezwanie do Wsp\u00f3\u0142tworzenia Sensu w Perspektywie Noo-Psychoterapii<\/a><div class=\"wp-block-latest-posts__post-excerpt\">Wsp\u00f3\u0142czesny cz\u0142owiek, konfrontowany z cierpieniem w postaci l\u0119ku, depresji czy poczucia wewn\u0119trznej pustki, instynktownie poszukuje ulgi, traktuj\u0105c te stany jako patologie, kt\u00f3re nale\u017cy wyeliminowa\u0107. Jednak\u017ce, w \u015bwietle polskiej szko\u0142y logoterapii, rozwijanej przez prof. Kazimierza Popielskiego i dr Lili\u0119 Suchock\u0105, takie\u2026 <a class=\"wp-block-latest-posts__read-more\" href=\"https:\/\/logoterapeuta.eu\/index.php\/2025\/10\/20\/glod-ducha-cierpienie-jako-wezwanie-do-wspoltworzenia-sensu-w-perspektywie-noo-psychoterapii\/\" rel=\"noopener noreferrer\">Dowiedz si\u0119 wi\u0119cej<span class=\"screen-reader-text\">: G\u0142\u00f3d Ducha: Cierpienie jako Wezwanie do Wsp\u00f3\u0142tworzenia Sensu w Perspektywie Noo-Psychoterapii<\/span><\/a><\/div><\/li>\n<li><a class=\"wp-block-latest-posts__post-title\" href=\"https:\/\/logoterapeuta.eu\/index.php\/2025\/10\/20\/wola-sensu-jako-wola-zycia-logoterapeutyczne-i-naukowe-studium-zasad-ludzkiej-egzystencji-i-sprawczosci\/\">Wola sensu jako wola \u017cycia: Logoterapeutyczne i naukowe studium zasad ludzkiej egzystencji i sprawczo\u015bci<\/a><div class=\"wp-block-latest-posts__post-excerpt\">Cz\u0119\u015b\u0107 I: Impuls duchowy i poszukiwanie sensu: Ramy logoterapeutyczne Zaburzony obraz \u015bwiata jako katalizator: Kryzys, cierpienie i wzrost potraumatyczny Punktem wyj\u015bcia dla niniejszej analizy jest teza, i\u017c konfrontacja z fenomenem, kt\u00f3ry wymyka si\u0119 dotychczasowemu rozumieniu i nie mie\u015bci si\u0119 w\u2026 <a class=\"wp-block-latest-posts__read-more\" href=\"https:\/\/logoterapeuta.eu\/index.php\/2025\/10\/20\/wola-sensu-jako-wola-zycia-logoterapeutyczne-i-naukowe-studium-zasad-ludzkiej-egzystencji-i-sprawczosci\/\" rel=\"noopener noreferrer\">Dowiedz si\u0119 wi\u0119cej<span class=\"screen-reader-text\">: Wola sensu jako wola \u017cycia: Logoterapeutyczne i naukowe studium zasad ludzkiej egzystencji i sprawczo\u015bci<\/span><\/a><\/div><\/li>\n<li><a class=\"wp-block-latest-posts__post-title\" href=\"https:\/\/logoterapeuta.eu\/index.php\/2025\/10\/17\/nerwica-noogenna-analiza-symptomow-i-terapii-w-ujeciu-logoterapii\/\">Nerwica Noogenna: Analiza Symptom\u00f3w i Terapii w Uj\u0119ciu Logoterapii<\/a><div class=\"wp-block-latest-posts__post-excerpt\">Sekcja 1: Istota Nerwicy Noogennej: Cierpienie z Powodu Braku Sensu W krajobrazie wsp\u00f3\u0142czesnej psychologii, zdominowanym przez modele biologiczne i psychodynamiczne, koncepcja nerwicy noogennej, wprowadzona przez Viktora E. Frankla, stanowi rewolucyjne przesuni\u0119cie paradygmatu. U jej podstaw le\u017cy teza, \u017ce znacz\u0105ca cz\u0119\u015b\u0107\u2026 <a class=\"wp-block-latest-posts__read-more\" href=\"https:\/\/logoterapeuta.eu\/index.php\/2025\/10\/17\/nerwica-noogenna-analiza-symptomow-i-terapii-w-ujeciu-logoterapii\/\" rel=\"noopener noreferrer\">Dowiedz si\u0119 wi\u0119cej<span class=\"screen-reader-text\">: Nerwica Noogenna: Analiza Symptom\u00f3w i Terapii w Uj\u0119ciu Logoterapii<\/span><\/a><\/div><\/li>\n<li><a class=\"wp-block-latest-posts__post-title\" href=\"https:\/\/logoterapeuta.eu\/index.php\/2025\/10\/01\/nerwica-eklezjalna-logoterapia-i-noo-dynamika\/\">Nerwica Eklezjalna: Logoterapia i Noo-Dynamika<\/a><div class=\"wp-block-latest-posts__post-excerpt\">Noo-dynamika w Koncepcji Ksi\u0119dza Profesora Kazimierza Popielskiego: Anatomiczny Wymiar Egzystencjalnej Motywacji 1. Wprowadzenie: Geneza i Po\u0142o\u017cenie Koncepcji Noo-dynamiki Koncept noo-dynamiki, rozwini\u0119ty przez ksi\u0119dza profesora Kazimierza Popielskiego, stanowi fundamentalny wk\u0142ad w psychologi\u0119 egzystencjaln\u0105, szczeg\u00f3lnie w jej polskim wariancie. W\u0142a\u015bciwe zrozumienie tej\u2026 <a class=\"wp-block-latest-posts__read-more\" href=\"https:\/\/logoterapeuta.eu\/index.php\/2025\/10\/01\/nerwica-eklezjalna-logoterapia-i-noo-dynamika\/\" rel=\"noopener noreferrer\">Dowiedz si\u0119 wi\u0119cej<span class=\"screen-reader-text\">: Nerwica Eklezjalna: Logoterapia i Noo-Dynamika<\/span><\/a><\/div><\/li>\n<li><a class=\"wp-block-latest-posts__post-title\" href=\"https:\/\/logoterapeuta.eu\/index.php\/2025\/10\/01\/mentoring-noetyczny-kosmologia-wewnetrznej-transformacji\/\">Mentoring Noetyczny: Kosmologia Wewn\u0119trznej Transformacji<\/a><div class=\"wp-block-latest-posts__post-excerpt\">Mentoring Noetyczny: Kosmologia Wewn\u0119trznej Transformacji Wprowadzenie: Od Transferu Wiedzy do Przebudzenia M\u0105dro\u015bci Wsp\u00f3\u0142czesny \u015bwiat sprowadzi\u0142 mentoring do roli transakcyjnej, skupionej na efektywnym \u201etransferze wiedzy\u201d.1 W tym modelu do\u015bwiadczony ekspert przekazuje umiej\u0119tno\u015bci, aby zapewni\u0107 ci\u0105g\u0142o\u015b\u0107 biznesow\u0105. Jest to proces wydajny, ale\u2026 <a class=\"wp-block-latest-posts__read-more\" href=\"https:\/\/logoterapeuta.eu\/index.php\/2025\/10\/01\/mentoring-noetyczny-kosmologia-wewnetrznej-transformacji\/\" rel=\"noopener noreferrer\">Dowiedz si\u0119 wi\u0119cej<span class=\"screen-reader-text\">: Mentoring Noetyczny: Kosmologia Wewn\u0119trznej Transformacji<\/span><\/a><\/div><\/li>\n<li><a class=\"wp-block-latest-posts__post-title\" href=\"https:\/\/logoterapeuta.eu\/index.php\/2025\/10\/01\/logos-od-wyrazu-do-sensu\/\">Logos: Od Wyrazu do Sensu<\/a><div class=\"wp-block-latest-posts__post-excerpt\">Na Pocz\u0105tku By\u0142 Wyraz: Podr\u00f3\u017c w G\u0142\u0105b Idei Logosu Wst\u0119p: S\u0142owo, kt\u00f3re Stwarza \u015awiaty Na pocz\u0105tku by\u0142 wyraz. To proste, a zarazem niezwykle donios\u0142e stwierdzenie otwiera nie tylko jedn\u0105 z najwa\u017cniejszych ksi\u0105g zachodniej cywilizacji, ale r\u00f3wnie\u017c drzwi do jednej z\u2026 <a class=\"wp-block-latest-posts__read-more\" href=\"https:\/\/logoterapeuta.eu\/index.php\/2025\/10\/01\/logos-od-wyrazu-do-sensu\/\" rel=\"noopener noreferrer\">Dowiedz si\u0119 wi\u0119cej<span class=\"screen-reader-text\">: Logos: Od Wyrazu do Sensu<\/span><\/a><\/div><\/li>\n<li><a class=\"wp-block-latest-posts__post-title\" href=\"https:\/\/logoterapeuta.eu\/index.php\/2025\/10\/01\/logoterapia-kryzysy-egzystencjalne-i-sens\/\">Logoterapia: Kryzysy egzystencjalne i sens<\/a><div class=\"wp-block-latest-posts__post-excerpt\">Kryzysy Egzystencjalne i Patologie Noogenne: Analiza w Uj\u0119ciu Logoterapii Viktora Frankla i Kazimierza Popielskiego 1. Wprowadzenie: Logoterapia jako Trzecia Szko\u0142a Wiede\u0144ska Psychoterapii Geneza nurtu i jego miejsce w historii psychoterapii Logoterapia, stworzona przez austriackiego psychiatr\u0119 i neurologa Viktora Emila Frankla,\u2026 <a class=\"wp-block-latest-posts__read-more\" href=\"https:\/\/logoterapeuta.eu\/index.php\/2025\/10\/01\/logoterapia-kryzysy-egzystencjalne-i-sens\/\" rel=\"noopener noreferrer\">Dowiedz si\u0119 wi\u0119cej<span class=\"screen-reader-text\">: Logoterapia: Kryzysy egzystencjalne i sens<\/span><\/a><\/div><\/li>\n<\/ul>","protected":false},"excerpt":{"rendered":"<p>Moje ksi\u0105\u017cki Publikacje elektroniczne<\/p>\n","protected":false},"author":1,"featured_media":0,"parent":0,"menu_order":0,"comment_status":"closed","ping_status":"closed","template":"","meta":{"footnotes":""},"class_list":["post-150","page","type-page","status-publish","hentry"],"_links":{"self":[{"href":"https:\/\/logoterapeuta.eu\/index.php\/wp-json\/wp\/v2\/pages\/150","targetHints":{"allow":["GET"]}}],"collection":[{"href":"https:\/\/logoterapeuta.eu\/index.php\/wp-json\/wp\/v2\/pages"}],"about":[{"href":"https:\/\/logoterapeuta.eu\/index.php\/wp-json\/wp\/v2\/types\/page"}],"author":[{"embeddable":true,"href":"https:\/\/logoterapeuta.eu\/index.php\/wp-json\/wp\/v2\/users\/1"}],"replies":[{"embeddable":true,"href":"https:\/\/logoterapeuta.eu\/index.php\/wp-json\/wp\/v2\/comments?post=150"}],"version-history":[{"count":14,"href":"https:\/\/logoterapeuta.eu\/index.php\/wp-json\/wp\/v2\/pages\/150\/revisions"}],"predecessor-version":[{"id":309,"href":"https:\/\/logoterapeuta.eu\/index.php\/wp-json\/wp\/v2\/pages\/150\/revisions\/309"}],"wp:attachment":[{"href":"https:\/\/logoterapeuta.eu\/index.php\/wp-json\/wp\/v2\/media?parent=150"}],"curies":[{"name":"wp","href":"https:\/\/api.w.org\/{rel}","templated":true}]}}